{"id":3413,"date":"2025-08-27T16:02:11","date_gmt":"2025-08-27T06:02:11","guid":{"rendered":"https:\/\/www.economicsandpeace.org\/?post_type=event&#038;p=3413"},"modified":"2025-08-27T16:02:12","modified_gmt":"2025-08-27T06:02:12","slug":"regional-consultation-promoting-shared-sacred-flourishing-in-latin-america-and-the-caribbean","status":"publish","type":"event","link":"https:\/\/www.economicsandpeace.org\/event\/regional-consultation-promoting-shared-sacred-flourishing-in-latin-america-and-the-caribbean\/","title":{"rendered":"Regional Consultation: Promoting Shared Sacred Flourishing in Latin America and the Caribbean"},"content":{"rendered":"\n<p>The Regional Consultation is a high-level interfaith gathering bringing together religious leaders, academics, and representatives from international organizations in Bogot\u00e1 from August 26-28, 2025. The&nbsp;event&nbsp;aims to explore how spiritual values can contribute to integral human flourishing, establish strategic partnerships between faith communities and development organizations, and align religious initiatives with the Sustainable Development Goals (SDGs). Over three days, participants will address regional challenges from a shared spiritual perspective and work on the 2026-2030 strategic planning for the Latin American and Caribbean Council of Religious Leaders.<\/p>\n\n\n\n<p>Speakers:<\/p>\n\n\n\n<ul class=\"wp-block-list\">\n<li>Excmo. Mons. Lizardo Estrada &#8211; Auxiliary Bishop of Cuzco and Secretary General of the Latin American and Caribbean Episcopal Council (CELAM)<\/li>\n\n\n\n<li>Emmo. Sr. Cardenal Raymundo Damasceno Assis &#8211; Archbishop Emeritus of Aparecida, Moderator of the Latin American and Caribbean Council of Religious Leaders and Co-President of Religions for Peace<\/li>\n\n\n\n<li>Sr. Claudio Epelman &#8211; Executive Director of the Latin American Jewish Congress (CJL), Vice-Moderator of the Latin American and Caribbean Council of Religious Leaders and Co-President of Religions for Peace<\/li>\n\n\n\n<li>Rev. Juan Cruz &#8211; President, Latin Evangelical Alliance (AEL)<\/li>\n\n\n\n<li>Rev. Izani Bruch &#8211; Bishop of the Evangelical Lutheran Church in Chile (IELCH), Evangelical Chaplain of La Moneda and Representative of the Lutheran World Federation (LWF)<\/li>\n\n\n\n<li>Jeque Ahmad Tayel &#8211; President of the Islamic Benevolent Association of Bogot\u00e1 and Representative of the Islamic Organization for Latin America and the Caribbean (OIPALC)<\/li>\n\n\n\n<li>Dr. Francis Kuria &#8211; Secretary General of Religions for Peace<\/li>\n\n\n\n<li>Dr. William Vendley &#8211; Secretary General Emeritus of Religions for Peace and Vice President for World Religions and Spirituality at the Fetzer Institute<\/li>\n\n\n\n<li>Sr. Jonathan Lever &#8211; Executive Vice President and Chief Operating Officer of the Fetzer Institute<\/li>\n\n\n\n<li>Sr. Luis Mora &#8211; Resident Representative in Colombia of the United Nations Population Fund (UNFPA)<\/li>\n\n\n\n<li>Sr. Roberto Valent &#8211; Regional Director for Latin America and the Caribbean of the United Nations Development Coordination Office (DCO)<\/li>\n\n\n\n<li>Sra. Romina Kasman &#8211; Education Sector Specialist of the San Jos\u00e9 Office of the United Nations Educational, Scientific and Cultural Organization (UNESCO)<\/li>\n\n\n\n<li>Sr. Markel M\u00e9ndez &#8211; Social and Behavior Change Specialist of the Regional Office for Latin America and the Caribbean of the United Nations Children&#8217;s Fund (UNICEF)<\/li>\n\n\n\n<li>Dr. Eduardo Wills-Herrera &#8211; Professor at the School of Management of the Universidad de los Andes<\/li>\n\n\n\n<li>Dr. h. c. Hernando Chindoy &#8211; President of Wuasikamas &#8211; Guardians of the Earth<\/li>\n\n\n\n<li>Dra. Emilce Cuda &#8211; Secretary of the Pontifical Commission for Latin America (CAL)<\/li>\n\n\n\n<li>Sr. Benjam\u00edn Laniado &#8211; Co-founder of CADENA<\/li>\n\n\n\n<li>Dr. Juan Camilo C\u00e1rdenas &#8211; Director of the SDG Center for Latin America and the Caribbean (CODS) at Universidad de los Andes<\/li>\n\n\n\n<li>Sra. Sandra Hern\u00e1ndez &#8211; Executive Director of RedEAm\u00e9rica<\/li>\n\n\n\n<li>Sra. Gabriela Mulder &#8211; Co-Moderator of the Latin American Council of Churches Network (CLAI Network) and Co-Coordinator of the Latin American and Caribbean Women of Faith Network<\/li>\n\n\n\n<li>Sra. Ligia Matamoros &#8211; Co-Coordinator of the Youth Network of Latin America and the Caribbean of Religions for Peace<\/li>\n\n\n\n<li>Sra. Laura Vargas &#8211; Co-Coordinator of the Latin American and Caribbean Women of Faith Network and Executive Secretary of the Interfaith Council of Peru &#8211; Religions for Peace<\/li>\n\n\n\n<li>Sr. El\u00edas Szczytnicki &#8211; Regional Secretary General of Religions for Peace Latin America and the Caribbean<\/li>\n\n\n\n<li>Sr. Guillermo Estrugo &#8211; Director of Communication and Publications of the Northwest South America Area of The Church of Jesus Christ of Latter-day Saints<\/li>\n\n\n\n<li>Dr. h. c. Humberto Shikiya &#8211; Vice President of the Regional Ecumenical Center for Advisory and Service (CREAS)<\/li>\n\n\n\n<li>Hipodi\u00e1cono Andr\u00e9s Quevedo &#8211; Professor at the Faculty of Theology of Santo Tom\u00e1s University<\/li>\n<\/ul>\n","protected":false},"excerpt":{"rendered":"<p>The Regional Consultation is a high-level interfaith gathering bringing together religious leaders, academics, and representatives from international organizations in Bogot\u00e1 from August 26-28, 2025. The&nbsp;event&nbsp;aims to explore how spiritual values can contribute to integral human flourishing, establish strategic partnerships between faith communities and development organizations, and align religious initiatives with the Sustainable Development Goals (SDGs). [&hellip;]<\/p>\n","protected":false},"featured_media":3001,"template":"","event-category":[81],"event-location":[101],"class_list":["post-3413","event","type-event","status-publish","has-post-thumbnail","hentry","event-category-conference","event-location-south-america"],"acf":[],"yoast_head":"<!-- This site is optimized with the Yoast SEO plugin v26.6 - https:\/\/yoast.com\/wordpress\/plugins\/seo\/ -->\n<title>Regional Consultation: Promoting Shared Sacred Flourishing in Latin America and the Caribbean - Institute for Economics &amp; Peace<\/title>\n<meta name=\"robots\" content=\"index, follow, max-snippet:-1, max-image-preview:large, max-video-preview:-1\" \/>\n<link rel=\"canonical\" href=\"https:\/\/www.economicsandpeace.org\/event\/regional-consultation-promoting-shared-sacred-flourishing-in-latin-america-and-the-caribbean\/\" \/>\n<meta property=\"og:locale\" content=\"en_US\" \/>\n<meta property=\"og:type\" content=\"article\" \/>\n<meta property=\"og:title\" content=\"Regional Consultation: Promoting Shared Sacred Flourishing in Latin America and the Caribbean - Institute for Economics &amp; Peace\" \/>\n<meta property=\"og:description\" content=\"The Regional Consultation is a high-level interfaith gathering bringing together religious leaders, academics, and representatives from international organizations in Bogot\u00e1 from August 26-28, 2025. The&nbsp;event&nbsp;aims to explore how spiritual values can contribute to integral human flourishing, establish strategic partnerships between faith communities and development organizations, and align religious initiatives with the Sustainable Development Goals (SDGs). [&hellip;]\" \/>\n<meta property=\"og:url\" content=\"https:\/\/www.economicsandpeace.org\/event\/regional-consultation-promoting-shared-sacred-flourishing-in-latin-america-and-the-caribbean\/\" \/>\n<meta property=\"og:site_name\" content=\"Institute for Economics &amp; Peace\" \/>\n<meta property=\"article:publisher\" content=\"https:\/\/www.facebook.com\/GlobalPeaceIndex\" \/>\n<meta property=\"article:modified_time\" content=\"2025-08-27T06:02:12+00:00\" \/>\n<meta property=\"og:image\" content=\"https:\/\/www.economicsandpeace.org\/wp-content\/uploads\/2024\/04\/VOH-single-event-page-banner-generic-1.jpg\" \/>\n\t<meta property=\"og:image:width\" content=\"1920\" \/>\n\t<meta property=\"og:image:height\" content=\"450\" \/>\n\t<meta property=\"og:image:type\" content=\"image\/jpeg\" \/>\n<meta name=\"twitter:card\" content=\"summary_large_image\" \/>\n<meta name=\"twitter:site\" content=\"@GlobPeaceIndex\" \/>\n<meta name=\"twitter:label1\" content=\"Est. reading time\" \/>\n\t<meta name=\"twitter:data1\" content=\"3 minutes\" \/>\n<script type=\"application\/ld+json\" class=\"yoast-schema-graph\">{\"@context\":\"https:\/\/schema.org\",\"@graph\":[{\"@type\":\"WebPage\",\"@id\":\"https:\/\/www.economicsandpeace.org\/event\/regional-consultation-promoting-shared-sacred-flourishing-in-latin-america-and-the-caribbean\/\",\"url\":\"https:\/\/www.economicsandpeace.org\/event\/regional-consultation-promoting-shared-sacred-flourishing-in-latin-america-and-the-caribbean\/\",\"name\":\"Regional Consultation: Promoting Shared Sacred Flourishing in Latin America and the Caribbean - Institute for Economics &amp; Peace\",\"isPartOf\":{\"@id\":\"https:\/\/www.economicsandpeace.org\/#website\"},\"primaryImageOfPage\":{\"@id\":\"https:\/\/www.economicsandpeace.org\/event\/regional-consultation-promoting-shared-sacred-flourishing-in-latin-america-and-the-caribbean\/#primaryimage\"},\"image\":{\"@id\":\"https:\/\/www.economicsandpeace.org\/event\/regional-consultation-promoting-shared-sacred-flourishing-in-latin-america-and-the-caribbean\/#primaryimage\"},\"thumbnailUrl\":\"https:\/\/www.economicsandpeace.org\/wp-content\/uploads\/2024\/04\/VOH-single-event-page-banner-generic-1.jpg\",\"datePublished\":\"2025-08-27T06:02:11+00:00\",\"dateModified\":\"2025-08-27T06:02:12+00:00\",\"breadcrumb\":{\"@id\":\"https:\/\/www.economicsandpeace.org\/event\/regional-consultation-promoting-shared-sacred-flourishing-in-latin-america-and-the-caribbean\/#breadcrumb\"},\"inLanguage\":\"en-US\",\"potentialAction\":[{\"@type\":\"ReadAction\",\"target\":[\"https:\/\/www.economicsandpeace.org\/event\/regional-consultation-promoting-shared-sacred-flourishing-in-latin-america-and-the-caribbean\/\"]}]},{\"@type\":\"ImageObject\",\"inLanguage\":\"en-US\",\"@id\":\"https:\/\/www.economicsandpeace.org\/event\/regional-consultation-promoting-shared-sacred-flourishing-in-latin-america-and-the-caribbean\/#primaryimage\",\"url\":\"https:\/\/www.economicsandpeace.org\/wp-content\/uploads\/2024\/04\/VOH-single-event-page-banner-generic-1.jpg\",\"contentUrl\":\"https:\/\/www.economicsandpeace.org\/wp-content\/uploads\/2024\/04\/VOH-single-event-page-banner-generic-1.jpg\",\"width\":1920,\"height\":450},{\"@type\":\"BreadcrumbList\",\"@id\":\"https:\/\/www.economicsandpeace.org\/event\/regional-consultation-promoting-shared-sacred-flourishing-in-latin-america-and-the-caribbean\/#breadcrumb\",\"itemListElement\":[{\"@type\":\"ListItem\",\"position\":1,\"name\":\"Home\",\"item\":\"https:\/\/www.economicsandpeace.org\/\"},{\"@type\":\"ListItem\",\"position\":2,\"name\":\"Regional Consultation: Promoting Shared Sacred Flourishing in Latin America and the Caribbean\"}]},{\"@type\":\"WebSite\",\"@id\":\"https:\/\/www.economicsandpeace.org\/#website\",\"url\":\"https:\/\/www.economicsandpeace.org\/\",\"name\":\"Institute for Economics & Peace\",\"description\":\"Peace Research, Consulting &amp; Training\",\"publisher\":{\"@id\":\"https:\/\/www.economicsandpeace.org\/#organization\"},\"alternateName\":\"IEP\",\"potentialAction\":[{\"@type\":\"SearchAction\",\"target\":{\"@type\":\"EntryPoint\",\"urlTemplate\":\"https:\/\/www.economicsandpeace.org\/?s={search_term_string}\"},\"query-input\":{\"@type\":\"PropertyValueSpecification\",\"valueRequired\":true,\"valueName\":\"search_term_string\"}}],\"inLanguage\":\"en-US\"},{\"@type\":\"Organization\",\"@id\":\"https:\/\/www.economicsandpeace.org\/#organization\",\"name\":\"Institute for Economics & Peace\",\"url\":\"https:\/\/www.economicsandpeace.org\/\",\"logo\":{\"@type\":\"ImageObject\",\"inLanguage\":\"en-US\",\"@id\":\"https:\/\/www.economicsandpeace.org\/#\/schema\/logo\/image\/\",\"url\":\"https:\/\/www.economicsandpeace.org\/wp-content\/uploads\/2024\/01\/IEP-acronym-logo-black.png\",\"contentUrl\":\"https:\/\/www.economicsandpeace.org\/wp-content\/uploads\/2024\/01\/IEP-acronym-logo-black.png\",\"width\":1760,\"height\":1490,\"caption\":\"Institute for Economics & Peace\"},\"image\":{\"@id\":\"https:\/\/www.economicsandpeace.org\/#\/schema\/logo\/image\/\"},\"sameAs\":[\"https:\/\/www.facebook.com\/GlobalPeaceIndex\",\"https:\/\/x.com\/GlobPeaceIndex\",\"https:\/\/www.linkedin.com\/company\/institute-for-economics-and-peace\/\",\"https:\/\/www.instagram.com\/globalpeaceindex\/\",\"https:\/\/www.youtube.com\/@VisionofHumanityorg\"]}]}<\/script>\n<!-- \/ Yoast SEO plugin. -->","yoast_head_json":{"title":"Regional Consultation: Promoting Shared Sacred Flourishing in Latin America and the Caribbean - Institute for Economics &amp; Peace","robots":{"index":"index","follow":"follow","max-snippet":"max-snippet:-1","max-image-preview":"max-image-preview:large","max-video-preview":"max-video-preview:-1"},"canonical":"https:\/\/www.economicsandpeace.org\/event\/regional-consultation-promoting-shared-sacred-flourishing-in-latin-america-and-the-caribbean\/","og_locale":"en_US","og_type":"article","og_title":"Regional Consultation: Promoting Shared Sacred Flourishing in Latin America and the Caribbean - Institute for Economics &amp; Peace","og_description":"The Regional Consultation is a high-level interfaith gathering bringing together religious leaders, academics, and representatives from international organizations in Bogot\u00e1 from August 26-28, 2025. The&nbsp;event&nbsp;aims to explore how spiritual values can contribute to integral human flourishing, establish strategic partnerships between faith communities and development organizations, and align religious initiatives with the Sustainable Development Goals (SDGs). [&hellip;]","og_url":"https:\/\/www.economicsandpeace.org\/event\/regional-consultation-promoting-shared-sacred-flourishing-in-latin-america-and-the-caribbean\/","og_site_name":"Institute for Economics &amp; Peace","article_publisher":"https:\/\/www.facebook.com\/GlobalPeaceIndex","article_modified_time":"2025-08-27T06:02:12+00:00","og_image":[{"width":1920,"height":450,"url":"https:\/\/www.economicsandpeace.org\/wp-content\/uploads\/2024\/04\/VOH-single-event-page-banner-generic-1.jpg","type":"image\/jpeg"}],"twitter_card":"summary_large_image","twitter_site":"@GlobPeaceIndex","twitter_misc":{"Est. reading time":"3 minutes"},"schema":{"@context":"https:\/\/schema.org","@graph":[{"@type":"WebPage","@id":"https:\/\/www.economicsandpeace.org\/event\/regional-consultation-promoting-shared-sacred-flourishing-in-latin-america-and-the-caribbean\/","url":"https:\/\/www.economicsandpeace.org\/event\/regional-consultation-promoting-shared-sacred-flourishing-in-latin-america-and-the-caribbean\/","name":"Regional Consultation: Promoting Shared Sacred Flourishing in Latin America and the Caribbean - Institute for Economics &amp; Peace","isPartOf":{"@id":"https:\/\/www.economicsandpeace.org\/#website"},"primaryImageOfPage":{"@id":"https:\/\/www.economicsandpeace.org\/event\/regional-consultation-promoting-shared-sacred-flourishing-in-latin-america-and-the-caribbean\/#primaryimage"},"image":{"@id":"https:\/\/www.economicsandpeace.org\/event\/regional-consultation-promoting-shared-sacred-flourishing-in-latin-america-and-the-caribbean\/#primaryimage"},"thumbnailUrl":"https:\/\/www.economicsandpeace.org\/wp-content\/uploads\/2024\/04\/VOH-single-event-page-banner-generic-1.jpg","datePublished":"2025-08-27T06:02:11+00:00","dateModified":"2025-08-27T06:02:12+00:00","breadcrumb":{"@id":"https:\/\/www.economicsandpeace.org\/event\/regional-consultation-promoting-shared-sacred-flourishing-in-latin-america-and-the-caribbean\/#breadcrumb"},"inLanguage":"en-US","potentialAction":[{"@type":"ReadAction","target":["https:\/\/www.economicsandpeace.org\/event\/regional-consultation-promoting-shared-sacred-flourishing-in-latin-america-and-the-caribbean\/"]}]},{"@type":"ImageObject","inLanguage":"en-US","@id":"https:\/\/www.economicsandpeace.org\/event\/regional-consultation-promoting-shared-sacred-flourishing-in-latin-america-and-the-caribbean\/#primaryimage","url":"https:\/\/www.economicsandpeace.org\/wp-content\/uploads\/2024\/04\/VOH-single-event-page-banner-generic-1.jpg","contentUrl":"https:\/\/www.economicsandpeace.org\/wp-content\/uploads\/2024\/04\/VOH-single-event-page-banner-generic-1.jpg","width":1920,"height":450},{"@type":"BreadcrumbList","@id":"https:\/\/www.economicsandpeace.org\/event\/regional-consultation-promoting-shared-sacred-flourishing-in-latin-america-and-the-caribbean\/#breadcrumb","itemListElement":[{"@type":"ListItem","position":1,"name":"Home","item":"https:\/\/www.economicsandpeace.org\/"},{"@type":"ListItem","position":2,"name":"Regional Consultation: Promoting Shared Sacred Flourishing in Latin America and the Caribbean"}]},{"@type":"WebSite","@id":"https:\/\/www.economicsandpeace.org\/#website","url":"https:\/\/www.economicsandpeace.org\/","name":"Institute for Economics & Peace","description":"Peace Research, Consulting &amp; Training","publisher":{"@id":"https:\/\/www.economicsandpeace.org\/#organization"},"alternateName":"IEP","potentialAction":[{"@type":"SearchAction","target":{"@type":"EntryPoint","urlTemplate":"https:\/\/www.economicsandpeace.org\/?s={search_term_string}"},"query-input":{"@type":"PropertyValueSpecification","valueRequired":true,"valueName":"search_term_string"}}],"inLanguage":"en-US"},{"@type":"Organization","@id":"https:\/\/www.economicsandpeace.org\/#organization","name":"Institute for Economics & Peace","url":"https:\/\/www.economicsandpeace.org\/","logo":{"@type":"ImageObject","inLanguage":"en-US","@id":"https:\/\/www.economicsandpeace.org\/#\/schema\/logo\/image\/","url":"https:\/\/www.economicsandpeace.org\/wp-content\/uploads\/2024\/01\/IEP-acronym-logo-black.png","contentUrl":"https:\/\/www.economicsandpeace.org\/wp-content\/uploads\/2024\/01\/IEP-acronym-logo-black.png","width":1760,"height":1490,"caption":"Institute for Economics & Peace"},"image":{"@id":"https:\/\/www.economicsandpeace.org\/#\/schema\/logo\/image\/"},"sameAs":["https:\/\/www.facebook.com\/GlobalPeaceIndex","https:\/\/x.com\/GlobPeaceIndex","https:\/\/www.linkedin.com\/company\/institute-for-economics-and-peace\/","https:\/\/www.instagram.com\/globalpeaceindex\/","https:\/\/www.youtube.com\/@VisionofHumanityorg"]}]}},"_links":{"self":[{"href":"https:\/\/www.economicsandpeace.org\/wp-json\/wp\/v2\/event\/3413","targetHints":{"allow":["GET"]}}],"collection":[{"href":"https:\/\/www.economicsandpeace.org\/wp-json\/wp\/v2\/event"}],"about":[{"href":"https:\/\/www.economicsandpeace.org\/wp-json\/wp\/v2\/types\/event"}],"wp:featuredmedia":[{"embeddable":true,"href":"https:\/\/www.economicsandpeace.org\/wp-json\/wp\/v2\/media\/3001"}],"wp:attachment":[{"href":"https:\/\/www.economicsandpeace.org\/wp-json\/wp\/v2\/media?parent=3413"}],"wp:term":[{"taxonomy":"event-category","embeddable":true,"href":"https:\/\/www.economicsandpeace.org\/wp-json\/wp\/v2\/event-category?post=3413"},{"taxonomy":"event-location","embeddable":true,"href":"https:\/\/www.economicsandpeace.org\/wp-json\/wp\/v2\/event-location?post=3413"}],"curies":[{"name":"wp","href":"https:\/\/api.w.org\/{rel}","templated":true}]}}